{"id":2859,"date":"2024-10-30T15:44:22","date_gmt":"2024-10-30T14:44:22","guid":{"rendered":"https:\/\/www.compagniadellavela.org\/contatti-2\/"},"modified":"2025-09-02T12:34:36","modified_gmt":"2025-09-02T10:34:36","slug":"contatti-2","status":"publish","type":"page","link":"https:\/\/www.compagniadellavela.org\/en\/contatti-2\/","title":{"rendered":"Contacts"},"content":{"rendered":"\n<div style=\"height:100px\" aria-hidden=\"true\" class=\"wp-block-spacer\"><\/div>\n\n\n\n<div class=\"wp-block-columns is-layout-flex wp-container-core-columns-is-layout-9d6595d7 wp-block-columns-is-layout-flex\">\n<div class=\"wp-block-column is-layout-flow wp-block-column-is-layout-flow\" style=\"flex-basis:60%\">    <section class=\"info-columns-v2 \">\n                <div class=\"grid gap-0\">\n            <div class=\"g-col-12 g-col-md g-col-lg-4 g-col-xl-5 mb-5 mb-lg-0\">\n                                    <h3 class=\"h2 mb-3 text-uppercase pe-5\">SEDE NAUTICA &#8211; ISOLA DI SAN GIORGIO<\/h3>\n                                                    <p class=\"d-flex gap-2\"><span class=\"icon icon--lg icon--location\"><\/span><span>Isola di San Giorgio Maggiore n.5 <br \/>\r\n30124 Venezia<\/span><\/p>\n                                                    <a class=\"fw-bold d-flex gap-2\" href=\"(+39) 041 5200884\">\n                        <span class=\"icon icon--lg icon--phone\"><\/span><span>(+39) 041 5200884<\/span><\/a>\n                            <\/div>\n            <div class=\"g-col-12 g-col-md g-start-lg-6 g-col-lg-7 g-start-xl-6 g-col-xl-7\">\n                                                <div class=\"d-flex flex-column flex-md-row gap-3\">\n                                                        <\/div>\n            <\/div>\n        <\/div>\n            <\/section>\n\n\n\n<div style=\"height:50px\" aria-hidden=\"true\" class=\"wp-block-spacer\"><\/div>\n\n\n\n<p>Segreteria, Club house, Foresteria, informazioni Scuola Vela Junior, Residenziali, ragazzi e adulti<\/p>\n\n\n\n<div style=\"height:25px\" aria-hidden=\"true\" class=\"wp-block-spacer\"><\/div>\n\n\n\n<h5 class=\"wp-block-heading\">SEGRETERIA<\/h5>\n\n\n\n<p>La Segreteria della Compagnia della Vela \u00e8 operativa&nbsp;dal luned\u00ec al venerd\u00ec,&nbsp;dalle ore 9:00 alle 13:00 e dalle 14:00 alle 17:30.<br><br>Uffici Segreteria:\u2028presso la Sede Nautica<br><\/p>\n<\/div>\n\n\n\n<div class=\"wp-block-column is-layout-flow wp-block-column-is-layout-flow\" style=\"flex-basis:40%\">\n<iframe src=\"https:\/\/www.google.com\/maps\/embed?pb=!1m18!1m12!1m3!1d2799.8557760727963!2d12.335623626995533!3d45.43240857107351!2m3!1f0!2f0!3f0!3m2!1i1024!2i768!4f13.1!3m3!1m2!1s0x477eb1b86d5974b5%3A0x8b68c05966c7c43e!2sCompagnia%20della%20Vela!5e0!3m2!1sit!2sit!4v1732204070201!5m2!1sit!2sit\" width=\"100%\" height=\"350\" style=\"border:0;\" allowfullscreen=\"\" loading=\"lazy\" referrerpolicy=\"no-referrer-when-downgrade\"><\/iframe>\n\n\n\n<div style=\"height:50px\" aria-hidden=\"true\" class=\"wp-block-spacer\"><\/div>\n\n\n        <a  class=\"btn btn-primary\"\n            href=\"https:\/\/www.compagniadellavela.org\/files\/compagniadellavela.org\/2017\/03\/MAPPA_Compagnia-della-Vela-Venezia.pdf\"\n            target=\"_blank\"        ><span>Mappa Isola San Giorgio<\/span><span\n                class=\"icon icon--arrow\"><\/span><\/a>\n        \n\n\n<div style=\"height:25px\" aria-hidden=\"true\" class=\"wp-block-spacer\"><\/div>\n\n\n        <a  class=\"btn btn-primary\"\n            href=\"https:\/\/www.compagniadellavela.org\/files\/compagniadellavela.org\/2017\/03\/Orario-linea-2-dal-1-aprile-2017.pdf\"\n            target=\"_blank\"        ><span>Orario Linea 2 Vaporetto<\/span><span\n                class=\"icon icon--arrow\"><\/span><\/a>\n        <\/div>\n<\/div>\n\n\n\n<div style=\"height:50px\" aria-hidden=\"true\" class=\"wp-block-spacer\"><\/div>\n\n\n\n<div class=\"wp-block-columns is-layout-flex wp-container-core-columns-is-layout-9d6595d7 wp-block-columns-is-layout-flex\">\n<div class=\"wp-block-column is-layout-flow wp-block-column-is-layout-flow\" style=\"flex-basis:60%\">    <section class=\"info-columns-v2 \">\n                <div class=\"grid gap-0\">\n            <div class=\"g-col-12 g-col-md g-col-lg-4 g-col-xl-5 mb-5 mb-lg-0\">\n                                    <h3 class=\"h2 mb-3 text-uppercase pe-5\">DARSENA CROZE &#8211; ISOLA DI SAN GIORGIO<\/h3>\n                                                    <p class=\"d-flex gap-2\"><span class=\"icon icon--lg icon--location\"><\/span><span>Isola di San Giorgio Maggiore<br \/>\r\n30124 Venezia<\/span><\/p>\n                                                    <a class=\"fw-bold d-flex gap-2\" href=\"(+39) 339 4787488\">\n                        <span class=\"icon icon--lg icon--phone\"><\/span><span>(+39) 339 4787488<\/span><\/a>\n                            <\/div>\n            <div class=\"g-col-12 g-col-md g-start-lg-6 g-col-lg-7 g-start-xl-6 g-col-xl-7\">\n                                                <div class=\"d-flex flex-column flex-md-row gap-3\">\n                                                        <\/div>\n            <\/div>\n        <\/div>\n            <\/section>\n\n\n\n<div style=\"height:50px\" aria-hidden=\"true\" class=\"wp-block-spacer\"><\/div>\n\n\n\n<p>Servizio Marinai \u2013 Darsena Croze per ormeggio, disponibilit\u00e0 transiti, attivit\u00e0 darsene<\/p>\n<\/div>\n\n\n\n<div class=\"wp-block-column is-layout-flow wp-block-column-is-layout-flow\" style=\"flex-basis:40%\">\n<iframe src=\"https:\/\/www.google.com\/maps\/embed?pb=!1m18!1m12!1m3!1d2800.0823852631547!2d12.341634226995359!3d45.42784057107338!2m3!1f0!2f0!3f0!3m2!1i1024!2i768!4f13.1!3m3!1m2!1s0x477eae2b963f3aa9%3A0xffe4fc6534e3277b!2sSan%20Giorgio%20Maggiore!5e0!3m2!1sit!2sit!4v1732204630292!5m2!1sit!2sit\" width=\"100%\" height=\"350\" style=\"border:0;\" allowfullscreen=\"\" loading=\"lazy\" referrerpolicy=\"no-referrer-when-downgrade\"><\/iframe>\n<\/div>\n<\/div>\n\n\n\n<div style=\"height:50px\" aria-hidden=\"true\" class=\"wp-block-spacer\"><\/div>\n\n\n\n<div class=\"wp-block-columns is-layout-flex wp-container-core-columns-is-layout-9d6595d7 wp-block-columns-is-layout-flex\">\n<div class=\"wp-block-column is-layout-flow wp-block-column-is-layout-flow\" style=\"flex-basis:60%\">    <section class=\"info-columns-v2 \">\n                <div class=\"grid gap-0\">\n            <div class=\"g-col-12 g-col-md g-col-lg-4 g-col-xl-5 mb-5 mb-lg-0\">\n                                    <h3 class=\"h2 mb-3 text-uppercase pe-5\">SEDE STORICA &#8211; SAN MARCO<\/h3>\n                                                    <p class=\"d-flex gap-2\"><span class=\"icon icon--lg icon--location\"><\/span><span>San Marco, Giardinetti n. 2<br \/>\r\n30124 Venezia<\/span><\/p>\n                                                    <a class=\"fw-bold d-flex gap-2\" href=\"(+39) 041 5222593\">\n                        <span class=\"icon icon--lg icon--phone\"><\/span><span>(+39) 041 5222593<\/span><\/a>\n                            <\/div>\n            <div class=\"g-col-12 g-col-md g-start-lg-6 g-col-lg-7 g-start-xl-6 g-col-xl-7\">\n                                                <div class=\"d-flex flex-column flex-md-row gap-3\">\n                                                        <\/div>\n            <\/div>\n        <\/div>\n            <\/section>\n\n\n\n<div style=\"height:50px\" aria-hidden=\"true\" class=\"wp-block-spacer\"><\/div>\n\n\n\n<p>Apertura annuale.<br>Servizio bar da\u200blle 11.00 alle 16.00 e dalle 18.00 alle 23.00.<br>Servizio Cucina da\u200blle 12.30 alle 15.00 e dalle 19.30 alle 22.00.<br>Riposo luned\u00ec.<br>Per richiedere l&#8217;uso esclusivo (escluso sabato e domenica) scrivere a <a href=\"mailto:segreteria@compvela.com\">segreteria@compvela.com<\/a><br><\/p>\n<\/div>\n\n\n\n<div class=\"wp-block-column is-layout-flow wp-block-column-is-layout-flow\" style=\"flex-basis:40%\">\n<iframe src=\"https:\/\/www.google.com\/maps\/embed?pb=!1m14!1m8!1m3!1d11199.28450746206!2d12.339034000000002!3d45.433107!3m2!1i1024!2i768!4f13.1!3m3!1m2!1s0x477eb1dbba617c4d%3A0xaebac9d73d479550!2sCompagnia%20della%20Vela%20A.S.D.%20-%20Sede%20Sociale!5e0!3m2!1sit!2sus!4v1731332061104!5m2!1sit!2sus\" width=\"100%\" height=\"350\" style=\"border:0;\" allowfullscreen=\"\" loading=\"lazy\" referrerpolicy=\"no-referrer-when-downgrade\"><\/iframe>\n<\/div>\n<\/div>\n\n\n\n<div style=\"height:50px\" aria-hidden=\"true\" class=\"wp-block-spacer\"><\/div>\n\n\n\n<div class=\"wp-block-columns is-layout-flex wp-container-core-columns-is-layout-9d6595d7 wp-block-columns-is-layout-flex\">\n<div class=\"wp-block-column is-layout-flow wp-block-column-is-layout-flow\" style=\"flex-basis:60%\">    <section class=\"info-columns-v2 \">\n                <div class=\"grid gap-0\">\n            <div class=\"g-col-12 g-col-md g-col-lg-4 g-col-xl-5 mb-5 mb-lg-0\">\n                                    <h3 class=\"h2 mb-3 text-uppercase pe-5\">CENTRO VELICO AGONISTICO &#8220;OTTAVIO GHETTI&#8221;<\/h3>\n                                                    <p class=\"d-flex gap-2\"><span class=\"icon icon--lg icon--location\"><\/span><span>Lungomare D. Alighieri<br \/>\r\n30013 Cavallino-Treporti VE<\/span><\/p>\n                                            <\/div>\n            <div class=\"g-col-12 g-col-md g-start-lg-6 g-col-lg-7 g-start-xl-6 g-col-xl-7\">\n                                                <div class=\"d-flex flex-column flex-md-row gap-3\">\n                                                        <\/div>\n            <\/div>\n        <\/div>\n            <\/section>\n\n\n\n<p>La sede a mare sar\u00e0 aperta da maggio prima per le regate zonali  e a seguire per il Trofeo Rizzotti.<\/p>\n<\/div>\n\n\n\n<div class=\"wp-block-column is-layout-flow wp-block-column-is-layout-flow\" style=\"flex-basis:40%\">\n<iframe src=\"https:\/\/www.google.com\/maps\/embed?pb=!1m14!1m8!1m3!1d11197.956258478038!2d12.421029!3d45.4398!3m2!1i1024!2i768!4f13.1!3m3!1m2!1s0x477eafeb8789a7f7%3A0x1916913f65ffa4c0!2sCompagnia%20della%20Vela%20A.S.D.!5e0!3m2!1sit!2sus!4v1730301854964!5m2!1sit!2sus\" width=\"100%\" height=\"350\" style=\"border:0;\" allowfullscreen=\"\" loading=\"lazy\" referrerpolicy=\"no-referrer-when-downgrade\"><\/iframe>\n<\/div>\n<\/div>\n\n\n\n<div style=\"height:100px\" aria-hidden=\"true\" class=\"wp-block-spacer\"><\/div>\n","protected":false},"excerpt":{"rendered":"<p>Segreteria, Club house, Foresteria, informazioni Scuola Vela Junior, Residenziali, ragazzi e adulti SEGRETERIA La Segreteria della Compagnia della Vela \u00e8&#8230;<\/p>\n","protected":false},"author":1,"featured_media":0,"parent":0,"menu_order":0,"comment_status":"closed","ping_status":"closed","template":"","meta":{"_acf_changed":false,"footnotes":""},"class_list":["post-2859","page","type-page","status-publish","hentry"],"acf":[],"yoast_head":"<!-- This site is optimized with the Yoast SEO plugin v25.7 - https:\/\/yoast.com\/wordpress\/plugins\/seo\/ -->\n<title>Contacts - Compagnia della vela<\/title>\n<meta name=\"robots\" content=\"index, follow, max-snippet:-1, max-image-preview:large, max-video-preview:-1\" \/>\n<link rel=\"canonical\" href=\"https:\/\/www.compagniadellavela.org\/en\/contatti-2\/\" \/>\n<meta property=\"og:locale\" content=\"en_US\" \/>\n<meta property=\"og:type\" content=\"article\" \/>\n<meta property=\"og:title\" content=\"Contacts - Compagnia della vela\" \/>\n<meta property=\"og:description\" content=\"Segreteria, Club house, Foresteria, informazioni Scuola Vela Junior, Residenziali, ragazzi e adulti SEGRETERIA La Segreteria della Compagnia della Vela \u00e8...\" \/>\n<meta property=\"og:url\" content=\"https:\/\/www.compagniadellavela.org\/en\/contatti-2\/\" \/>\n<meta property=\"og:site_name\" content=\"Compagnia della vela\" \/>\n<meta property=\"article:modified_time\" content=\"2025-09-02T10:34:36+00:00\" \/>\n<meta name=\"twitter:card\" content=\"summary_large_image\" \/>\n<meta name=\"twitter:label1\" content=\"Est. reading time\" \/>\n\t<meta name=\"twitter:data1\" content=\"1 minute\" \/>\n<script type=\"application\/ld+json\" class=\"yoast-schema-graph\">{\"@context\":\"https:\/\/schema.org\",\"@graph\":[{\"@type\":\"WebPage\",\"@id\":\"https:\/\/www.compagniadellavela.org\/en\/contatti-2\/\",\"url\":\"https:\/\/www.compagniadellavela.org\/en\/contatti-2\/\",\"name\":\"Contacts - Compagnia della vela\",\"isPartOf\":{\"@id\":\"https:\/\/www.compagniadellavela.org\/#website\"},\"datePublished\":\"2024-10-30T14:44:22+00:00\",\"dateModified\":\"2025-09-02T10:34:36+00:00\",\"breadcrumb\":{\"@id\":\"https:\/\/www.compagniadellavela.org\/en\/contatti-2\/#breadcrumb\"},\"inLanguage\":\"en-US\",\"potentialAction\":[{\"@type\":\"ReadAction\",\"target\":[\"https:\/\/www.compagniadellavela.org\/en\/contatti-2\/\"]}]},{\"@type\":\"BreadcrumbList\",\"@id\":\"https:\/\/www.compagniadellavela.org\/en\/contatti-2\/#breadcrumb\",\"itemListElement\":[{\"@type\":\"ListItem\",\"position\":1,\"name\":\"Home\",\"item\":\"https:\/\/www.compagniadellavela.org\/en\/\"},{\"@type\":\"ListItem\",\"position\":2,\"name\":\"Contacts\"}]},{\"@type\":\"WebSite\",\"@id\":\"https:\/\/www.compagniadellavela.org\/#website\",\"url\":\"https:\/\/www.compagniadellavela.org\/\",\"name\":\"Compagnia della vela\",\"description\":\"\",\"potentialAction\":[{\"@type\":\"SearchAction\",\"target\":{\"@type\":\"EntryPoint\",\"urlTemplate\":\"https:\/\/www.compagniadellavela.org\/?s={search_term_string}\"},\"query-input\":{\"@type\":\"PropertyValueSpecification\",\"valueRequired\":true,\"valueName\":\"search_term_string\"}}],\"inLanguage\":\"en-US\"}]}<\/script>\n<!-- \/ Yoast SEO plugin. -->","yoast_head_json":{"title":"Contacts - Compagnia della vela","robots":{"index":"index","follow":"follow","max-snippet":"max-snippet:-1","max-image-preview":"max-image-preview:large","max-video-preview":"max-video-preview:-1"},"canonical":"https:\/\/www.compagniadellavela.org\/en\/contatti-2\/","og_locale":"en_US","og_type":"article","og_title":"Contacts - Compagnia della vela","og_description":"Segreteria, Club house, Foresteria, informazioni Scuola Vela Junior, Residenziali, ragazzi e adulti SEGRETERIA La Segreteria della Compagnia della Vela \u00e8...","og_url":"https:\/\/www.compagniadellavela.org\/en\/contatti-2\/","og_site_name":"Compagnia della vela","article_modified_time":"2025-09-02T10:34:36+00:00","twitter_card":"summary_large_image","twitter_misc":{"Est. reading time":"1 minute"},"schema":{"@context":"https:\/\/schema.org","@graph":[{"@type":"WebPage","@id":"https:\/\/www.compagniadellavela.org\/en\/contatti-2\/","url":"https:\/\/www.compagniadellavela.org\/en\/contatti-2\/","name":"Contacts - Compagnia della vela","isPartOf":{"@id":"https:\/\/www.compagniadellavela.org\/#website"},"datePublished":"2024-10-30T14:44:22+00:00","dateModified":"2025-09-02T10:34:36+00:00","breadcrumb":{"@id":"https:\/\/www.compagniadellavela.org\/en\/contatti-2\/#breadcrumb"},"inLanguage":"en-US","potentialAction":[{"@type":"ReadAction","target":["https:\/\/www.compagniadellavela.org\/en\/contatti-2\/"]}]},{"@type":"BreadcrumbList","@id":"https:\/\/www.compagniadellavela.org\/en\/contatti-2\/#breadcrumb","itemListElement":[{"@type":"ListItem","position":1,"name":"Home","item":"https:\/\/www.compagniadellavela.org\/en\/"},{"@type":"ListItem","position":2,"name":"Contacts"}]},{"@type":"WebSite","@id":"https:\/\/www.compagniadellavela.org\/#website","url":"https:\/\/www.compagniadellavela.org\/","name":"Compagnia della vela","description":"","potentialAction":[{"@type":"SearchAction","target":{"@type":"EntryPoint","urlTemplate":"https:\/\/www.compagniadellavela.org\/?s={search_term_string}"},"query-input":{"@type":"PropertyValueSpecification","valueRequired":true,"valueName":"search_term_string"}}],"inLanguage":"en-US"}]}},"_links":{"self":[{"href":"https:\/\/www.compagniadellavela.org\/en\/wp-json\/wp\/v2\/pages\/2859","targetHints":{"allow":["GET"]}}],"collection":[{"href":"https:\/\/www.compagniadellavela.org\/en\/wp-json\/wp\/v2\/pages"}],"about":[{"href":"https:\/\/www.compagniadellavela.org\/en\/wp-json\/wp\/v2\/types\/page"}],"author":[{"embeddable":true,"href":"https:\/\/www.compagniadellavela.org\/en\/wp-json\/wp\/v2\/users\/1"}],"replies":[{"embeddable":true,"href":"https:\/\/www.compagniadellavela.org\/en\/wp-json\/wp\/v2\/comments?post=2859"}],"version-history":[{"count":1,"href":"https:\/\/www.compagniadellavela.org\/en\/wp-json\/wp\/v2\/pages\/2859\/revisions"}],"predecessor-version":[{"id":2860,"href":"https:\/\/www.compagniadellavela.org\/en\/wp-json\/wp\/v2\/pages\/2859\/revisions\/2860"}],"wp:attachment":[{"href":"https:\/\/www.compagniadellavela.org\/en\/wp-json\/wp\/v2\/media?parent=2859"}],"curies":[{"name":"wp","href":"https:\/\/api.w.org\/{rel}","templated":true}]}}